{"id":3188,"date":"2020-12-28T17:32:30","date_gmt":"2020-12-28T17:32:30","guid":{"rendered":"http:\/\/salonamat.com\/?page_id=3188"},"modified":"2023-05-17T10:46:47","modified_gmt":"2023-05-17T10:46:47","slug":"ae-gutermann","status":"publish","type":"page","link":"https:\/\/salonamat.com\/index.php\/collections\/accessoires\/ae-gutermann\/","title":{"rendered":"A&#038;E GUTERMANN"},"content":{"rendered":"\n<p>Fabricant allemand de fils \u00e0 coudre<\/p>\n\n\n\n<p>R\u00e9f\u00e9rences fils\u00a0:<br>Permacore \/ Mara \/ Amifil \/ Filan \/ Tera \/ Polylux \/ Wildcat \/ Sunstop \/ PTFE \/ Kevlar \/ Nomex<\/p>\n\n\n\n<p>Unis uniquement<\/p>\n\n\n\n<p><a href=\"http:\/\/salonamat.com\/index.php\/agents\/olivier-amblard-et-gilles-cannat\/\">Repr\u00e9sent\u00e9 par Olivier Amblard et Gilles Cannat<\/a><\/p>\n\n\n\n<figure class=\"wp-block-image\"><img data-attachment-id=\"3203\" data-permalink=\"https:\/\/salonamat.com\/index.php\/collections\/accessoires\/ae-gutermann\/aegutermann\/\" data-orig-file=\"https:\/\/i0.wp.com\/salonamat.com\/wp-content\/uploads\/2020\/12\/AEgutermann.jpg?fit=960%2C263&amp;ssl=1\" data-orig-size=\"960,263\" data-comments-opened=\"1\" data-image-meta=\"{&quot;aperture&quot;:&quot;0&quot;,&quot;credit&quot;:&quot;&quot;,&quot;camera&quot;:&quot;&quot;,&quot;caption&quot;:&quot;&quot;,&quot;created_timestamp&quot;:&quot;0&quot;,&quot;copyright&quot;:&quot;&quot;,&quot;focal_length&quot;:&quot;0&quot;,&quot;iso&quot;:&quot;0&quot;,&quot;shutter_speed&quot;:&quot;0&quot;,&quot;title&quot;:&quot;&quot;,&quot;orientation&quot;:&quot;0&quot;}\" data-image-title=\"A&#038;Egutermann\" data-image-description=\"\" data-image-caption=\"\" data-medium-file=\"https:\/\/i0.wp.com\/salonamat.com\/wp-content\/uploads\/2020\/12\/AEgutermann.jpg?fit=300%2C82&amp;ssl=1\" data-large-file=\"https:\/\/i0.wp.com\/salonamat.com\/wp-content\/uploads\/2020\/12\/AEgutermann.jpg?fit=720%2C197&amp;ssl=1\" decoding=\"async\" loading=\"lazy\" width=\"720\" height=\"197\" src=\"https:\/\/i0.wp.com\/salonamat.com\/wp-content\/uploads\/2020\/12\/AEgutermann.jpg?resize=720%2C197\" alt=\"\" class=\"wp-image-3203\" srcset=\"https:\/\/i0.wp.com\/salonamat.com\/wp-content\/uploads\/2020\/12\/AEgutermann.jpg?w=960&amp;ssl=1 960w, https:\/\/i0.wp.com\/salonamat.com\/wp-content\/uploads\/2020\/12\/AEgutermann.jpg?resize=300%2C82&amp;ssl=1 300w, https:\/\/i0.wp.com\/salonamat.com\/wp-content\/uploads\/2020\/12\/AEgutermann.jpg?resize=768%2C210&amp;ssl=1 768w, https:\/\/i0.wp.com\/salonamat.com\/wp-content\/uploads\/2020\/12\/AEgutermann.jpg?resize=329%2C90&amp;ssl=1 329w\" sizes=\"(max-width: 720px) 100vw, 720px\" data-recalc-dims=\"1\" \/><\/figure>\n","protected":false},"excerpt":{"rendered":"<p>Fabricant allemand de fils \u00e0 coudre R\u00e9f\u00e9rences fils\u00a0:Permacore \/ Mara \/ Amifil \/ Filan \/ Tera \/ Polylux \/ Wildcat \/ Sunstop \/ PTFE \/ Kevlar \/ Nomex Unis uniquement Repr\u00e9sent\u00e9 par Olivier Amblard et Gilles Cannat <a href=\"https:\/\/salonamat.com\/index.php\/collections\/accessoires\/ae-gutermann\/\" class=\"more-link\">Continuer de lire <span class=\"screen-reader-text\">A&#038;E GUTERMANN<\/span><\/a><\/p>\n","protected":false},"author":3,"featured_media":0,"parent":1216,"menu_order":0,"comment_status":"closed","ping_status":"closed","template":"","meta":{"spay_email":""},"categories":[2,67,178,179,158,80,21,22,87,24,25,147,156,28,31,32,35,191,122,124,39,157,177,42,43,44,50],"tags":[],"jetpack_sharing_enabled":true,"jetpack_shortlink":"https:\/\/wp.me\/P7346W-Pq","jetpack-related-posts":[{"id":6213,"url":"https:\/\/salonamat.com\/index.php\/collections\/accessoires\/p-a-l-m-pizzi\/","url_meta":{"origin":3188,"position":0},"title":"P.A.L.M PIZZI","date":"d\u00e9cembre 22, 2023","format":false,"excerpt":"Fabricant italien de dentelle et galons crochet. Pour pr\u00eat \u00e0 porter femme, enfant, homme et lingerie bain Cotton\/ polyester\/ fils chenille et divers Minimum de commande: 300mts au coloris si pas en stock Repr\u00e9sent\u00e9 par Armelle Blettner et Anne Jouve.","rel":"","context":"Dans &quot;acrylique&quot;","img":{"alt_text":"","src":"https:\/\/i0.wp.com\/salonamat.com\/wp-content\/uploads\/2023\/12\/PALM-PIZZI.png?resize=350%2C200&ssl=1","width":350,"height":200},"classes":[]},{"id":1065,"url":"https:\/\/salonamat.com\/index.php\/collections\/tissus\/twelve\/","url_meta":{"origin":3188,"position":1},"title":"TWELVE","date":"d\u00e9cembre 25, 2015","format":false,"excerpt":"Fabricant italien de cha\u00eene-et-trame. Collection italienne sophistiqu\u00e9e, poids pi\u00e8ces \u00e0 manches, jupes, robes, pantalons, double-faces. Minima : 200 Mt. Femme homme. Laine, fils fantaisie, m\u00e9langes. Repr\u00e9sent\u00e9 par Viviane Gadrey Madani.","rel":"","context":"Dans &quot;femme&quot;","img":{"alt_text":"","src":"https:\/\/i0.wp.com\/salonamat.com\/wp-content\/uploads\/2015\/12\/VIVIANE-TWELVE-1.jpg?resize=350%2C200","width":350,"height":200},"classes":[]},{"id":634,"url":"https:\/\/salonamat.com\/index.php\/collections\/tissus\/deveaux\/","url_meta":{"origin":3188,"position":2},"title":"DEVEAUX","date":"d\u00e9cembre 18, 2015","format":false,"excerpt":"Imprimeur fran\u00e7ais de tissus cha\u00eene-et-trame & maille. Rotatif, jet d'encre. Jacquard cha\u00eene-et-trame et maille, fantaisie, maille fils teints. Femme, homme, enfant. D\u00e9veloppements personnalis\u00e9s. Coton, viscose, polyester, acrylique, laine, lin, \u00e9lasthanne... Repr\u00e9sent\u00e9 par Christine Deporte.","rel":"","context":"Dans &quot;acrylique&quot;","img":{"alt_text":"","src":"https:\/\/i0.wp.com\/salonamat.com\/wp-content\/uploads\/2015\/12\/CHRISTINE-DEVEAUX-01-1.jpg?resize=350%2C200","width":350,"height":200},"classes":[]},{"id":3228,"url":"https:\/\/salonamat.com\/index.php\/collections\/accessoires\/sodefar\/","url_meta":{"origin":3188,"position":3},"title":"SODEFAR","date":"d\u00e9cembre 28, 2020","format":false,"excerpt":"Distributeur fran\u00e7ais sp\u00e9cialis\u00e9 dans la vente d\u2019accessoires pour la fabrication textile et industrielle. Repr\u00e9sent\u00e9 par Olivier Amblard et Gilles Cannat","rel":"","context":"Dans &quot;accessoires&quot;","img":{"alt_text":"","src":"https:\/\/i0.wp.com\/salonamat.com\/wp-content\/uploads\/2020\/12\/SODEFAR-7.jpg?resize=350%2C200&ssl=1","width":350,"height":200},"classes":[]},{"id":2156,"url":"https:\/\/salonamat.com\/index.php\/collections\/tissus\/prina\/","url_meta":{"origin":3188,"position":4},"title":"PRINA","date":"d\u00e9cembre 21, 2016","format":false,"excerpt":"Converteur italien de tissus cha\u00eene et trame uniquement et haut de gamme. Les mati\u00e8res pens\u00e9es par le cr\u00e9atif dirigeant sont toutes mises au point et fabriqu\u00e9es en Italie. Minima : Les productions sont lanc\u00e9es \u00e0 partir de 300 m, avec possibilit\u00e9s de souplesse et petites quantit\u00e9s dans certains cas par\u2026","rel":"","context":"Dans &quot;cha\u00eene et trame&quot;","img":{"alt_text":"","src":"","width":0,"height":0},"classes":[]},{"id":3292,"url":"https:\/\/salonamat.com\/index.php\/collections\/tissus\/cat-land\/","url_meta":{"origin":3188,"position":5},"title":"CAT-LAND","date":"d\u00e9cembre 31, 2020","format":false,"excerpt":"Fabricant fran\u00e7ais de polaire. Moyen de gamme. Pas de minimum. Femme, Homme, Enfant. Composition : Polyester. Repr\u00e9sent\u00e9 par Olivier Glorieux.","rel":"","context":"Dans &quot;enfant&quot;","img":{"alt_text":"","src":"","width":0,"height":0},"classes":[]}],"_links":{"self":[{"href":"https:\/\/salonamat.com\/index.php\/wp-json\/wp\/v2\/pages\/3188"}],"collection":[{"href":"https:\/\/salonamat.com\/index.php\/wp-json\/wp\/v2\/pages"}],"about":[{"href":"https:\/\/salonamat.com\/index.php\/wp-json\/wp\/v2\/types\/page"}],"author":[{"embeddable":true,"href":"https:\/\/salonamat.com\/index.php\/wp-json\/wp\/v2\/users\/3"}],"replies":[{"embeddable":true,"href":"https:\/\/salonamat.com\/index.php\/wp-json\/wp\/v2\/comments?post=3188"}],"version-history":[{"count":5,"href":"https:\/\/salonamat.com\/index.php\/wp-json\/wp\/v2\/pages\/3188\/revisions"}],"predecessor-version":[{"id":5327,"href":"https:\/\/salonamat.com\/index.php\/wp-json\/wp\/v2\/pages\/3188\/revisions\/5327"}],"up":[{"embeddable":true,"href":"https:\/\/salonamat.com\/index.php\/wp-json\/wp\/v2\/pages\/1216"}],"wp:attachment":[{"href":"https:\/\/salonamat.com\/index.php\/wp-json\/wp\/v2\/media?parent=3188"}],"wp:term":[{"taxonomy":"category","embeddable":true,"href":"https:\/\/salonamat.com\/index.php\/wp-json\/wp\/v2\/categories?post=3188"},{"taxonomy":"post_tag","embeddable":true,"href":"https:\/\/salonamat.com\/index.php\/wp-json\/wp\/v2\/tags?post=3188"}],"curies":[{"name":"wp","href":"https:\/\/api.w.org\/{rel}","templated":true}]}}