{"id":1482,"date":"2015-12-27T09:35:27","date_gmt":"2015-12-27T09:35:27","guid":{"rendered":"http:\/\/salonamat.com\/?page_id=1482"},"modified":"2020-12-31T15:54:54","modified_gmt":"2020-12-31T15:54:54","slug":"olivier-glorieux","status":"publish","type":"page","link":"https:\/\/salonamat.com\/index.php\/agents\/olivier-glorieux\/","title":{"rendered":"Olivier GLORIEUX"},"content":{"rendered":"<p><span style=\"font-family: Century Gothic,sans-serif; color: #000000;\"><img data-attachment-id=\"507\" data-permalink=\"https:\/\/salonamat.com\/index.php\/agents\/olivier-glorieux\/olivier-000-2-2\/\" data-orig-file=\"https:\/\/i0.wp.com\/salonamat.com\/wp-content\/uploads\/2015\/12\/OLIVIER-000-1-1.jpg?fit=750%2C1000&amp;ssl=1\" data-orig-size=\"750,1000\" data-comments-opened=\"1\" data-image-meta=\"{&quot;aperture&quot;:&quot;0&quot;,&quot;credit&quot;:&quot;&quot;,&quot;camera&quot;:&quot;&quot;,&quot;caption&quot;:&quot;&quot;,&quot;created_timestamp&quot;:&quot;0&quot;,&quot;copyright&quot;:&quot;&quot;,&quot;focal_length&quot;:&quot;0&quot;,&quot;iso&quot;:&quot;0&quot;,&quot;shutter_speed&quot;:&quot;0&quot;,&quot;title&quot;:&quot;&quot;,&quot;orientation&quot;:&quot;1&quot;}\" data-image-title=\"OLIVIER-000\" data-image-description=\"\" data-image-caption=\"&lt;p&gt;Olivier GLORIEUX&lt;\/p&gt;\n\" data-medium-file=\"https:\/\/i0.wp.com\/salonamat.com\/wp-content\/uploads\/2015\/12\/OLIVIER-000-1-1.jpg?fit=225%2C300&amp;ssl=1\" data-large-file=\"https:\/\/i0.wp.com\/salonamat.com\/wp-content\/uploads\/2015\/12\/OLIVIER-000-1-1.jpg?fit=720%2C960&amp;ssl=1\" decoding=\"async\" loading=\"lazy\" class=\"size-medium wp-image-507 alignright\" src=\"https:\/\/i0.wp.com\/salonamat.com\/wp-content\/uploads\/2015\/12\/OLIVIER-000-1-1.jpg?resize=225%2C300\" alt=\"OLIVIER-000\" width=\"225\" height=\"300\" srcset=\"https:\/\/i0.wp.com\/salonamat.com\/wp-content\/uploads\/2015\/12\/OLIVIER-000-1-1.jpg?resize=225%2C300&amp;ssl=1 225w, https:\/\/i0.wp.com\/salonamat.com\/wp-content\/uploads\/2015\/12\/OLIVIER-000-1-1.jpg?resize=68%2C90&amp;ssl=1 68w, https:\/\/i0.wp.com\/salonamat.com\/wp-content\/uploads\/2015\/12\/OLIVIER-000-1-1.jpg?w=750&amp;ssl=1 750w\" sizes=\"(max-width: 225px) 100vw, 225px\" data-recalc-dims=\"1\" \/>2 Impasse de l&#8217;Aouta<br \/>\n<\/span><\/p>\n<p><span style=\"font-family: Century Gothic,sans-serif; color: #000000;\">31180 SAINT GENIES BELLEVUE<br \/>\n<\/span><\/p>\n<p><span style=\"font-family: Century Gothic,sans-serif; color: #800080;\"><a style=\"color: #800080;\" href=\"mailto:glorieux.olivier@wanadoo.fr\">contacter Olivier par courriel en cliquant sur ce lien<\/a><\/span><\/p>\n<p><span style=\"font-family: Century Gothic,sans-serif; color: #000000;\">06 14 27 84 62<br \/>\n<\/span><\/p>\n<p><span style=\"font-family: Century Gothic,sans-serif;\"><u><b>MAISONS REPRESENTEES<br \/>\n<\/b><\/u><\/span><\/p>\n<ul>\n<li><a href=\"http:\/\/salonamat.com\/index.php\/collections\/tissus\/cat-land\/\">CAT-LAND<\/a><\/li>\n<li><a href=\"http:\/\/salonamat.com\/index.php\/collections\/accessoires\/solstiss\/\">SOLSTISS<\/a><\/li>\n<\/ul>\n","protected":false},"excerpt":{"rendered":"<p>2 Impasse de l&#8217;Aouta 31180 SAINT GENIES BELLEVUE contacter Olivier par courriel en cliquant sur ce lien 06 14 27 84 62 MAISONS REPRESENTEES CAT-LAND SOLSTISS <a href=\"https:\/\/salonamat.com\/index.php\/agents\/olivier-glorieux\/\" class=\"more-link\">Continuer de lire <span class=\"screen-reader-text\">Olivier GLORIEUX<\/span><\/a><\/p>\n","protected":false},"author":2,"featured_media":0,"parent":1225,"menu_order":0,"comment_status":"closed","ping_status":"closed","template":"","meta":{"spay_email":""},"categories":[4],"tags":[],"jetpack_sharing_enabled":true,"jetpack_shortlink":"https:\/\/wp.me\/P7346W-nU","jetpack-related-posts":[{"id":3177,"url":"https:\/\/salonamat.com\/index.php\/agents\/olivier-amblard-et-gilles-cannat\/","url_meta":{"origin":1482,"position":0},"title":"Olivier AMBLARD et Gilles CANNAT","date":"d\u00e9cembre 28, 2020","format":false,"excerpt":"SOCIETE SODEFAR 14 Route de Revel 31400 TOULOUSE Mobile Olivier : 06 06 88 31 94 Contacter Oliver par courriel en cliquant sur ce lien Mobile Gilles : 06 03 23 00 59 Contacter Gilles par courriel en cliquant sur ce lien Bureau: 05 61 20 06 47 Fax: 05\u2026","rel":"","context":"Dans &quot;agents&quot;","img":{"alt_text":"","src":"https:\/\/i0.wp.com\/salonamat.com\/wp-content\/uploads\/2020\/12\/AMBLARD-OLIVIER.jpeg?resize=350%2C200&ssl=1","width":350,"height":200},"classes":[]},{"id":1225,"url":"https:\/\/salonamat.com\/index.php\/agents\/","url_meta":{"origin":1482,"position":1},"title":"AGENTS","date":"d\u00e9cembre 14, 2015","format":false,"excerpt":"V\u00e9ronique PEPIN BOLLIETR\u00e9mi OddonPhilippe BERLANDEPaul MestralletOlivier GlorieuxMehdi LagrouKaty PECHOUXGaelle GRISARDFran\u00e7ois ChandelierChristine DEPORTEArmelle BLETTNERLionel ROBLETGilles CANNATOlivier AMBLARD Anne JOUVECaroline GODETSylvie BUSSEUIL","rel":"","context":"Dans &quot;agents&quot;","img":{"alt_text":"","src":"https:\/\/i0.wp.com\/salonamat.com\/wp-content\/uploads\/2015\/12\/VERONIQUE-000-1.jpg?resize=350%2C200&ssl=1","width":350,"height":200},"classes":[]},{"id":5086,"url":"https:\/\/salonamat.com\/index.php\/collections\/tissus\/gruppo-sir\/","url_meta":{"origin":1482,"position":2},"title":"GRUPPO SIR","date":"mars 23, 2023","format":false,"excerpt":"Italie Tissus fantaisies Repr\u00e9sent\u00e9e par Olivier Amblard et Gilles Cannat.","rel":"","context":"Dans &quot;coton&quot;","img":{"alt_text":"","src":"https:\/\/i0.wp.com\/salonamat.com\/wp-content\/uploads\/2023\/03\/Gruppo-Sir-1.jpg?resize=350%2C200&ssl=1","width":350,"height":200},"classes":[]},{"id":3292,"url":"https:\/\/salonamat.com\/index.php\/collections\/tissus\/cat-land\/","url_meta":{"origin":1482,"position":3},"title":"CAT-LAND","date":"d\u00e9cembre 31, 2020","format":false,"excerpt":"Fabricant fran\u00e7ais de polaire. Moyen de gamme. Pas de minimum. Femme, Homme, Enfant. Composition : Polyester. Repr\u00e9sent\u00e9 par Olivier Glorieux.","rel":"","context":"Dans &quot;enfant&quot;","img":{"alt_text":"","src":"","width":0,"height":0},"classes":[]},{"id":3298,"url":"https:\/\/salonamat.com\/index.php\/collections\/accessoires\/solstiss\/","url_meta":{"origin":1482,"position":4},"title":"SOLSTISS","date":"d\u00e9cembre 31, 2020","format":false,"excerpt":"Fabricant fran\u00e7ais de dentelles Leavers. Haut de gamme. Minimum : 1 coupe entre 4,60 mt et 5,50 mt. Femme, Enfant. Composition : Viscose, Polyamide, Coton Repr\u00e9sent\u00e9 par Olivier Glorieux.","rel":"","context":"Dans &quot;accessoires&quot;","img":{"alt_text":"","src":"","width":0,"height":0},"classes":[]},{"id":978,"url":"https:\/\/salonamat.com\/index.php\/collections\/accessoires\/matsa\/","url_meta":{"origin":1482,"position":5},"title":"MATSA","date":"d\u00e9cembre 24, 2015","format":false,"excerpt":"Fabricant espagnol d\u2019\u00e9lastiques, et cordons Coton, polyester, polyamide. Repr\u00e9sent\u00e9 par Olivier Amblard et Gilles Cannat","rel":"","context":"Dans &quot;accessoires&quot;","img":{"alt_text":"","src":"https:\/\/i0.wp.com\/salonamat.com\/wp-content\/uploads\/2015\/12\/MARC-MATSA-1.jpg?resize=350%2C200","width":350,"height":200},"classes":[]}],"_links":{"self":[{"href":"https:\/\/salonamat.com\/index.php\/wp-json\/wp\/v2\/pages\/1482"}],"collection":[{"href":"https:\/\/salonamat.com\/index.php\/wp-json\/wp\/v2\/pages"}],"about":[{"href":"https:\/\/salonamat.com\/index.php\/wp-json\/wp\/v2\/types\/page"}],"author":[{"embeddable":true,"href":"https:\/\/salonamat.com\/index.php\/wp-json\/wp\/v2\/users\/2"}],"replies":[{"embeddable":true,"href":"https:\/\/salonamat.com\/index.php\/wp-json\/wp\/v2\/comments?post=1482"}],"version-history":[{"count":6,"href":"https:\/\/salonamat.com\/index.php\/wp-json\/wp\/v2\/pages\/1482\/revisions"}],"predecessor-version":[{"id":3300,"href":"https:\/\/salonamat.com\/index.php\/wp-json\/wp\/v2\/pages\/1482\/revisions\/3300"}],"up":[{"embeddable":true,"href":"https:\/\/salonamat.com\/index.php\/wp-json\/wp\/v2\/pages\/1225"}],"wp:attachment":[{"href":"https:\/\/salonamat.com\/index.php\/wp-json\/wp\/v2\/media?parent=1482"}],"wp:term":[{"taxonomy":"category","embeddable":true,"href":"https:\/\/salonamat.com\/index.php\/wp-json\/wp\/v2\/categories?post=1482"},{"taxonomy":"post_tag","embeddable":true,"href":"https:\/\/salonamat.com\/index.php\/wp-json\/wp\/v2\/tags?post=1482"}],"curies":[{"name":"wp","href":"https:\/\/api.w.org\/{rel}","templated":true}]}}